{"id":1304,"date":"2023-04-04T09:53:30","date_gmt":"2023-04-04T07:53:30","guid":{"rendered":"http:\/\/serovia.pl\/polityka-prywatnosci\/"},"modified":"2023-07-31T22:49:10","modified_gmt":"2023-07-31T20:49:10","slug":"privacy-policy","status":"publish","type":"page","link":"https:\/\/serovia.pl\/en\/privacy-policy\/","title":{"rendered":"Privacy policy"},"content":{"rendered":"\n<div class=\"wp-block-columns is-layout-flex wp-container-core-columns-is-layout-9d6595d7 wp-block-columns-is-layout-flex\">\n<div class=\"wp-block-column is-layout-flow wp-block-column-is-layout-flow\" style=\"flex-basis:33.33%\">\n<h3 class=\"wp-block-heading\"><strong>POLITYKA PRYWATNO\u015aCI<\/strong><\/h3>\n<\/div>\n\n\n\n<div class=\"wp-block-column is-layout-flow wp-block-column-is-layout-flow\" style=\"flex-basis:66.66%\">\n<ol class=\"wp-block-list\">\n<li>Polityka prywatno\u015bci (zwana dalej \u201ePolityk\u0105\u201d) okre\u015bla w jaki spos\u00f3b wykorzystujemy i przetwarzamy Twoje dane osobowe (dalej \u201edane\u201d) w zwi\u0105zku z korzystaniem przez Ciebie z naszej strony internetowej znajduj\u0105cej si\u0119 pod adresem www.serovia.pl (\u201eSerwis\u201d)<\/li>\n\n\n\n<li>Prawa do Serwisu przys\u0142uguj\u0105 Lumiko sp. z o.o. z siedzib\u0105 w \u0141ukowie (21-400) przy ul. Mi\u0119dzyrzeckiej 81, wpisanej do Krajowego Rejestru Przedsi\u0119biorc\u00f3w prowadzonego przez S\u0105d Rejonowy Lublin-Wsch\u00f3d w Lublinie z siedzib\u0105 w \u015awidniku, VI Wydzia\u0142 Gospodarczy Krajowego Rejestru S\u0105dowego KRS: 0000243924, NIP 8252030306, REGON 060064542 (\u201eSp\u00f3\u0142ka\u201d).<\/li>\n<\/ol>\n<\/div>\n<\/div>\n\n\n\n<div class=\"wp-block-columns is-layout-flex wp-container-core-columns-is-layout-9d6595d7 wp-block-columns-is-layout-flex\">\n<div class=\"wp-block-column is-layout-flow wp-block-column-is-layout-flow\" style=\"flex-basis:33.33%\">\n<h3 class=\"wp-block-heading\">PRZETWARZANIE DANYCH OSOBOWYCH<\/h3>\n<\/div>\n\n\n\n<div class=\"wp-block-column is-layout-flow wp-block-column-is-layout-flow\" style=\"flex-basis:66.66%\">\n<ol class=\"wp-block-list\">\n<li>Administratorem danych osobowych U\u017cytkownika jest Sp\u00f3\u0142ka.<\/li>\n\n\n\n<li>Podczas korzystania przez Ciebie z naszych us\u0142ug w Serwisie zbieramy w szczeg\u00f3lno\u015bci: adresy IP, adres URL, informacje o zachowaniu w Serwisach, klikni\u0119cia w elementy stron internetowych w Serwisach, nazwy otwieranych plik\u00f3w, daty i godziny wej\u015b\u0107 do Serwis\u00f3w, nazw\u0119 Twojego dostawcy us\u0142ug internetowych, informacj\u0119 o rodzaju Twojego systemu operacyjnego oraz o rodzaju i wersji Twojej przegl\u0105darki.<\/li>\n\n\n\n<li>Je\u017celi kontaktujesz si\u0119 z Sp\u00f3\u0142k\u0105 za po\u015brednictwem formularza kontaktowego czy komunikatora dost\u0119pnego w Serwisie, w zale\u017cno\u015bci od rodzaju formularza lub komunikatora, zbieramy tak\u017ce Twoje:<br>&#8211; imi\u0119, nazwisko<br>&#8211; adres e-mail<br>&#8211; numer telefonu.<\/li>\n\n\n\n<li>Je\u017celi kontaktujesz si\u0119 z Sp\u00f3\u0142k\u0105, by wzi\u0105\u0107 udzia\u0142 w konkursie lub promocji, w ramach kt\u00f3rych warunkiem uczestnictwa b\u0119dzie udost\u0119pnienie nam zdj\u0119cia lub wideo, Sp\u00f3\u0142ka pobierze od niego nast\u0119puj\u0105ce dane:<br>&#8211; w przypadku przes\u0142ania nam zdj\u0119\u0107 mog\u0105 by\u0107 gromadzone dane biometryczne u\u017cytkownika, kt\u00f3re umo\u017cliwiaj\u0105 jego wyra\u017an\u0105 identyfikacj\u0119 na podstawie kszta\u0142tu twarzy, jak r\u00f3wnie\u017c zawieraj\u0105 informacje na temat jego pochodzenia etnicznego, religii lub zdrowia (np. kolor sk\u00f3ry, nakrycie g\u0142owy, noszenie okular\u00f3w),<br>&#8211; w przypadku przes\u0142ania nam wideo r\u00f3wnie\u017c mog\u0105 by\u0107 gromadzone dane biometryczne u\u017cytkownika, a mianowicie ruchome obrazy z d\u017awi\u0119kiem, kt\u00f3re prezentuj\u0105 cechy jego twarzy lub g\u0142osu oraz zachowanie. Na podstawie zapis\u00f3w w formie obrazu mo\u017cliwe jest pozyskanie informacji na temat pochodzenia etnicznego, religii lub zdrowia u\u017cytkownika (np. na podstawie zdj\u0119\u0107 mo\u017cna okre\u015bli\u0107 kolor sk\u00f3ry, nakrycie g\u0142owy, noszenie okular\u00f3w przez u\u017cytkownika); na podstawie nagra\u0144 d\u017awi\u0119kowych mo\u017cliwe jest dodatkowo pozyskanie informacji na temat pochodzenia u\u017cytkownika (np. na podstawie dialektu, b\u0142\u0119d\u00f3w j\u0119zykowych, akcentu, poziomu wykszta\u0142cenia). Ponadto nagranie wideo mo\u017ce zawiera\u0107 dane biometryczne, kt\u00f3re umo\u017cliwiaj\u0105 wyra\u017an\u0105 identyfikacj\u0119 u\u017cytkownika (np. na podstawie kszta\u0142tu jego twarzy).<\/li>\n\n\n\n<li>Twoje dane osobowe zbieramy poprzez: zaakceptowane przez Ciebie pliki cookies, u\u017cywanie narz\u0119dzia analitycznego Google Analytics, skorzystanie przez Ciebie z formularza kontaktowego lub komunikator\u00f3w dost\u0119pnych na portalach spo\u0142eczno\u015bciowych, przy czym korzystanie z portali spo\u0142eczno\u015bciowych odbywa si\u0119 zgodnie z zasadami ustalonymi przez podmiot zarz\u0105dzaj\u0105cy danym portalem.<\/li>\n\n\n\n<li>Twoje dane osobowe mog\u0105 by\u0107 przekazywane poza Europejski Obszar Gospodarczy w zwi\u0105zku z wykorzystywanym przez nas narz\u0119dziem analitycznym Google Analytics.<\/li>\n\n\n\n<li>Podstaw\u0105 prawn\u0105 przetwarzania przez Sp\u00f3\u0142k\u0119 danych osobowych, kt\u00f3re Ciebie dotycz\u0105, do cel\u00f3w opisanych powy\u017cej, jest art. 6 ust. 1 lit. a, art. 6 ust. 1 lit. b oraz art. 6 ust. 1 lit. f rozporz\u0105dzenia Parlamentu Europejskiego i Rady (UE) 2016\/679 z dnia 27 kwietnia 2016 r. w sprawie ochrony os\u00f3b fizycznych w zwi\u0105zku z przetwarzaniem danych osobowych i w sprawie swobodnego przep\u0142ywu takich danych oraz uchylenia dyrektywy 95\/46\/WE (og\u00f3lnego rozporz\u0105dzenia o ochronie danych \u2013 RODO).<\/li>\n\n\n\n<li>Dane u\u017cytkownika b\u0119d\u0105 przetwarzane wy\u0142\u0105cznie w celu:<br>&#8211; umo\u017cliwienia korzystania z Serwisu,<br>&#8211; prowadzenia dzia\u0142a\u0144 marketingowych,<br>&#8211; udzielenia odpowiedzi na zapytanie przes\u0142ane przez U\u017cytkownika za po\u015brednictwem formularza kontaktowego,<br>&#8211; przeprowadzenia konkursu lub promocji \u2013 zgodnie z regulaminem promocji lub konkursu.<\/li>\n\n\n\n<li>Dane U\u017cytkownika mog\u0105 by\u0107 przekazywane do sp\u00f3\u0142ek powi\u0105zanych osobowo i kapita\u0142owo ze Sp\u00f3\u0142k\u0105.<\/li>\n<\/ol>\n<\/div>\n<\/div>\n\n\n\n<div class=\"wp-block-columns is-layout-flex wp-container-core-columns-is-layout-9d6595d7 wp-block-columns-is-layout-flex\">\n<div class=\"wp-block-column is-layout-flow wp-block-column-is-layout-flow\" style=\"flex-basis:33.33%\">\n<h3 class=\"wp-block-heading\">PRAWA DOTYCZ\u0104CE PRZETWARZANIA TWOICH DANYCH OSOBOWYCH<\/h3>\n<\/div>\n\n\n\n<div class=\"wp-block-column is-layout-flow wp-block-column-is-layout-flow\" style=\"flex-basis:66.66%\">\n<ol class=\"wp-block-list\">\n<li>Masz prawo dost\u0119pu do przetwarzanych przez nas Twoich danych osobowych i otrzymania kopii Twoich danych, kt\u00f3re przetwarzamy.<\/li>\n\n\n\n<li>Masz prawo do \u017c\u0105dania sprostowania (poprawienia, uzupe\u0142nienia) Twoich danych przetwarzanych w Serwisach, ograniczenia ich przetwarzania lub usuni\u0119cia.<\/li>\n\n\n\n<li>Masz prawo wniesienia sprzeciwu co do przetwarzania danych osobowych, je\u017celi podstaw\u0105 przetwarzania b\u0119d\u0105 nasze prawnie uzasadnione interesy. Przyczyn\u0105 tego sprzeciwu musi by\u0107 Twoja szczeg\u00f3lna sytuacja. Po otrzymaniu sprzeciwu przestaniemy przetwarza\u0107 Twoje dane w celu lub celach, co do kt\u00f3rych wyra\u017cony zosta\u0142 sprzeciw, chyba \u017ce wyka\u017cemy istnienie wa\u017cnych prawnie uzasadnionych podstaw do przetwarzania, nadrz\u0119dnych wobec Twoich interes\u00f3w, praw i wolno\u015bci lub podstaw do ustalenia, dochodzenia lub obrony przed roszczeniami.<\/li>\n\n\n\n<li>Masz prawo do wniesienia skargi do Prezesa Urz\u0119du Ochrony Danych Osobowych w przypadku uznania, \u017ce przetwarzanie Twoich danych osobowych narusza przepisy z zakresu ochrony danych osobowych.<\/li>\n\n\n\n<li>Aby skorzysta\u0107 z ww. praw mo\u017cesz skontaktowa\u0107 si\u0119 z Administratorem poprzez email:&nbsp;rodo@lumiko.com.pl<br>&nbsp;<\/li>\n<\/ol>\n<\/div>\n<\/div>\n","protected":false},"excerpt":{"rendered":"<p>POLITYKA PRYWATNO\u015aCI PRZETWARZANIE DANYCH OSOBOWYCH PRAWA DOTYCZ\u0104CE PRZETWARZANIA TWOICH DANYCH OSOBOWYCH<\/p>\n","protected":false},"author":1,"featured_media":0,"parent":0,"menu_order":0,"comment_status":"closed","ping_status":"closed","template":"","meta":{"inline_featured_image":false,"footnotes":""},"class_list":["post-1304","page","type-page","status-publish","hentry"],"acf":[],"yoast_head":"<!-- This site is optimized with the Yoast SEO plugin v20.12 - https:\/\/yoast.com\/wordpress\/plugins\/seo\/ -->\n<title>Privacy policy - Serovia<\/title>\n<meta name=\"robots\" content=\"index, follow, max-snippet:-1, max-image-preview:large, max-video-preview:-1\" \/>\n<link rel=\"canonical\" href=\"https:\/\/serovia.pl\/polityka-prywatnosci\/\" \/>\n<meta property=\"og:locale\" content=\"en_US\" \/>\n<meta property=\"og:type\" content=\"article\" \/>\n<meta property=\"og:title\" content=\"Privacy policy - Serovia\" \/>\n<meta property=\"og:description\" content=\"POLITYKA PRYWATNO\u015aCI PRZETWARZANIE DANYCH OSOBOWYCH PRAWA DOTYCZ\u0104CE PRZETWARZANIA TWOICH DANYCH OSOBOWYCH\" \/>\n<meta property=\"og:url\" content=\"https:\/\/serovia.pl\/polityka-prywatnosci\/\" \/>\n<meta property=\"og:site_name\" content=\"Serovia\" \/>\n<meta property=\"article:publisher\" content=\"https:\/\/www.facebook.com\/Seroviapl\" \/>\n<meta property=\"article:modified_time\" content=\"2023-07-31T20:49:10+00:00\" \/>\n<meta name=\"twitter:card\" content=\"summary_large_image\" \/>\n<meta name=\"twitter:label1\" content=\"Est. reading time\" \/>\n\t<meta name=\"twitter:data1\" content=\"5 minutes\" \/>\n<script type=\"application\/ld+json\" class=\"yoast-schema-graph\">{\"@context\":\"https:\/\/schema.org\",\"@graph\":[{\"@type\":\"WebPage\",\"@id\":\"https:\/\/serovia.pl\/polityka-prywatnosci\/\",\"url\":\"https:\/\/serovia.pl\/polityka-prywatnosci\/\",\"name\":\"Privacy policy - Serovia\",\"isPartOf\":{\"@id\":\"https:\/\/serovia.pl\/#website\"},\"datePublished\":\"2023-04-04T07:53:30+00:00\",\"dateModified\":\"2023-07-31T20:49:10+00:00\",\"breadcrumb\":{\"@id\":\"https:\/\/serovia.pl\/polityka-prywatnosci\/#breadcrumb\"},\"inLanguage\":\"en-US\",\"potentialAction\":[{\"@type\":\"ReadAction\",\"target\":[\"https:\/\/serovia.pl\/polityka-prywatnosci\/\"]}]},{\"@type\":\"BreadcrumbList\",\"@id\":\"https:\/\/serovia.pl\/polityka-prywatnosci\/#breadcrumb\",\"itemListElement\":[{\"@type\":\"ListItem\",\"position\":1,\"name\":\"Strona g\u0142\u00f3wna\",\"item\":\"https:\/\/serovia.pl\/en\/\"},{\"@type\":\"ListItem\",\"position\":2,\"name\":\"Privacy policy\"}]},{\"@type\":\"WebSite\",\"@id\":\"https:\/\/serovia.pl\/#website\",\"url\":\"https:\/\/serovia.pl\/\",\"name\":\"Serovia\",\"description\":\"Kunszt tworzenia ser\u00f3w\",\"potentialAction\":[{\"@type\":\"SearchAction\",\"target\":{\"@type\":\"EntryPoint\",\"urlTemplate\":\"https:\/\/serovia.pl\/?s={search_term_string}\"},\"query-input\":\"required name=search_term_string\"}],\"inLanguage\":\"en-US\"}]}<\/script>\n<!-- \/ Yoast SEO plugin. -->","yoast_head_json":{"title":"Privacy policy - Serovia","robots":{"index":"index","follow":"follow","max-snippet":"max-snippet:-1","max-image-preview":"max-image-preview:large","max-video-preview":"max-video-preview:-1"},"canonical":"https:\/\/serovia.pl\/polityka-prywatnosci\/","og_locale":"en_US","og_type":"article","og_title":"Privacy policy - Serovia","og_description":"POLITYKA PRYWATNO\u015aCI PRZETWARZANIE DANYCH OSOBOWYCH PRAWA DOTYCZ\u0104CE PRZETWARZANIA TWOICH DANYCH OSOBOWYCH","og_url":"https:\/\/serovia.pl\/polityka-prywatnosci\/","og_site_name":"Serovia","article_publisher":"https:\/\/www.facebook.com\/Seroviapl","article_modified_time":"2023-07-31T20:49:10+00:00","twitter_card":"summary_large_image","twitter_misc":{"Est. reading time":"5 minutes"},"schema":{"@context":"https:\/\/schema.org","@graph":[{"@type":"WebPage","@id":"https:\/\/serovia.pl\/polityka-prywatnosci\/","url":"https:\/\/serovia.pl\/polityka-prywatnosci\/","name":"Privacy policy - Serovia","isPartOf":{"@id":"https:\/\/serovia.pl\/#website"},"datePublished":"2023-04-04T07:53:30+00:00","dateModified":"2023-07-31T20:49:10+00:00","breadcrumb":{"@id":"https:\/\/serovia.pl\/polityka-prywatnosci\/#breadcrumb"},"inLanguage":"en-US","potentialAction":[{"@type":"ReadAction","target":["https:\/\/serovia.pl\/polityka-prywatnosci\/"]}]},{"@type":"BreadcrumbList","@id":"https:\/\/serovia.pl\/polityka-prywatnosci\/#breadcrumb","itemListElement":[{"@type":"ListItem","position":1,"name":"Strona g\u0142\u00f3wna","item":"https:\/\/serovia.pl\/en\/"},{"@type":"ListItem","position":2,"name":"Privacy policy"}]},{"@type":"WebSite","@id":"https:\/\/serovia.pl\/#website","url":"https:\/\/serovia.pl\/","name":"Serovia","description":"Kunszt tworzenia ser\u00f3w","potentialAction":[{"@type":"SearchAction","target":{"@type":"EntryPoint","urlTemplate":"https:\/\/serovia.pl\/?s={search_term_string}"},"query-input":"required name=search_term_string"}],"inLanguage":"en-US"}]}},"_links":{"self":[{"href":"https:\/\/serovia.pl\/en\/wp-json\/wp\/v2\/pages\/1304","targetHints":{"allow":["GET"]}}],"collection":[{"href":"https:\/\/serovia.pl\/en\/wp-json\/wp\/v2\/pages"}],"about":[{"href":"https:\/\/serovia.pl\/en\/wp-json\/wp\/v2\/types\/page"}],"author":[{"embeddable":true,"href":"https:\/\/serovia.pl\/en\/wp-json\/wp\/v2\/users\/1"}],"replies":[{"embeddable":true,"href":"https:\/\/serovia.pl\/en\/wp-json\/wp\/v2\/comments?post=1304"}],"version-history":[{"count":1,"href":"https:\/\/serovia.pl\/en\/wp-json\/wp\/v2\/pages\/1304\/revisions"}],"predecessor-version":[{"id":1331,"href":"https:\/\/serovia.pl\/en\/wp-json\/wp\/v2\/pages\/1304\/revisions\/1331"}],"wp:attachment":[{"href":"https:\/\/serovia.pl\/en\/wp-json\/wp\/v2\/media?parent=1304"}],"curies":[{"name":"wp","href":"https:\/\/api.w.org\/{rel}","templated":true}]}}